{"id":1245,"date":"2016-10-05T09:12:09","date_gmt":"2016-10-05T09:12:09","guid":{"rendered":"http:\/\/demos.famethemes.com\/onepress\/?page_id=1245"},"modified":"2025-06-17T10:02:19","modified_gmt":"2025-06-17T08:02:19","slug":"gallery","status":"publish","type":"page","link":"https:\/\/linde.edu.pl\/?page_id=1245","title":{"rendered":"KADRA"},"content":{"rendered":"\t\t<div data-elementor-type=\"wp-page\" data-elementor-id=\"1245\" class=\"elementor elementor-1245\" data-elementor-settings=\"[]\">\n\t\t\t\t\t\t\t<div class=\"elementor-section-wrap\">\n\t\t\t\t\t\t\t<section class=\"elementor-section elementor-top-section elementor-element elementor-element-1413719 elementor-section-boxed elementor-section-height-default elementor-section-height-default\" data-id=\"1413719\" data-element_type=\"section\">\n\t\t\t\t\t\t<div class=\"elementor-container elementor-column-gap-default\">\n\t\t\t\t\t<div class=\"elementor-column elementor-col-100 elementor-top-column elementor-element elementor-element-35170d6\" data-id=\"35170d6\" data-element_type=\"column\">\n\t\t\t<div class=\"elementor-widget-wrap elementor-element-populated\">\n\t\t\t\t\t\t\t\t<div class=\"elementor-element elementor-element-2b31621 elementor-widget elementor-widget-text-editor\" data-id=\"2b31621\" data-element_type=\"widget\" data-widget_type=\"text-editor.default\">\n\t\t\t\t<div class=\"elementor-widget-container\">\n\t\t\t\t\t<div class=\"elementor-text-editor elementor-clearfix\"><h2>Kliknij na zdj\u0119cie i poznaj lepiej nauczycieli naszej szko\u0142y.<\/h2><\/div>\n\t\t\t\t<\/div>\n\t\t\t\t<\/div>\n\t\t\t\t\t<\/div>\n\t\t<\/div>\n\t\t\t\t\t\t\t<\/div>\n\t\t<\/section>\n\t\t\t\t<section class=\"elementor-section elementor-top-section elementor-element elementor-element-ae6d515 elementor-section-boxed elementor-section-height-default elementor-section-height-default\" data-id=\"ae6d515\" data-element_type=\"section\">\n\t\t\t\t\t\t<div class=\"elementor-container elementor-column-gap-default\">\n\t\t\t\t\t<div class=\"elementor-column elementor-col-100 elementor-top-column elementor-element elementor-element-fa62a83\" data-id=\"fa62a83\" data-element_type=\"column\">\n\t\t\t<div class=\"elementor-widget-wrap elementor-element-populated\">\n\t\t\t\t\t\t\t\t<div class=\"elementor-element elementor-element-7706624 elementor-tabs-view-horizontal elementor-widget elementor-widget-tabs\" data-id=\"7706624\" data-element_type=\"widget\" data-widget_type=\"tabs.default\">\n\t\t\t\t<div class=\"elementor-widget-container\">\n\t\t\t\t\t<div class=\"elementor-tabs\">\n\t\t\t<div class=\"elementor-tabs-wrapper\" role=\"tablist\" >\n\t\t\t\t\t\t\t\t\t<div id=\"elementor-tab-title-1241\" class=\"elementor-tab-title elementor-tab-desktop-title\" aria-selected=\"true\" data-tab=\"1\" role=\"tab\" tabindex=\"0\" aria-controls=\"elementor-tab-content-1241\" aria-expanded=\"false\">dr Micha\u0142 Rzepka<br>Dyrektor <br><br><img src=\/wp-content\/uploads\/2021\/03\/kadra_m_rzepka.jpg><\/div>\n\t\t\t\t\t\t\t\t\t<div id=\"elementor-tab-title-1242\" class=\"elementor-tab-title elementor-tab-desktop-title\" aria-selected=\"false\" data-tab=\"2\" role=\"tab\" tabindex=\"-1\" aria-controls=\"elementor-tab-content-1242\" aria-expanded=\"false\">mgr Adam Dziatkiewicz<br>Wicedyrektor <br><br><img src=\/wp-content\/uploads\/2021\/03\/adam_dziatkiewicz.jpg><\/div>\n\t\t\t\t\t\t\t<\/div>\n\t\t\t<div class=\"elementor-tabs-content-wrapper\" role=\"tablist\" aria-orientation=\"vertical\">\n\t\t\t\t\t\t\t\t\t<div class=\"elementor-tab-title elementor-tab-mobile-title\" aria-selected=\"true\" data-tab=\"1\" role=\"tab\" tabindex=\"0\" aria-controls=\"elementor-tab-content-1241\" aria-expanded=\"false\">dr Micha\u0142 Rzepka<br>Dyrektor <br><br><img src=\/wp-content\/uploads\/2021\/03\/kadra_m_rzepka.jpg><\/div>\n\t\t\t\t\t<div id=\"elementor-tab-content-1241\" class=\"elementor-tab-content elementor-clearfix\" data-tab=\"1\" role=\"tabpanel\" aria-labelledby=\"elementor-tab-title-1241\" tabindex=\"0\" hidden=\"false\"><p><span style=\"font-weight: 400;\">Nazywam si\u0119 <strong>Micha\u0142 Rzepka<\/strong> i jestem dyrektorem szko\u0142y. Jestem doktorem nauk humanistycznych w dziedzinie literaturoznawstwa (Wydzia\u0142 Filologii Polskiej i Klasycznej UAM), studiowa\u0142em histori\u0119 oraz filologi\u0119 hiszpa\u0144sk\u0105. Na pewno b\u0119dziemy cz\u0119sto si\u0119 spotyka\u0107, bo bardzo lubi\u0119 swoich uczni\u00f3w i przebywanie w\u015br\u00f3d nich daje mi du\u017co dobrej energii. Kiedy nie pracuj\u0119 du\u017co czytam, zajmuj\u0119 si\u0119 fotografi\u0105 i projektowaniem graficznym. Staram si\u0119 podr\u00f3\u017cowa\u0107, kiedy tylko nadarzy si\u0119 okazja \u2013 kompanami tych wypraw s\u0105 moja \u017bona i c\u00f3rka Emilia.<\/span><\/p><\/div>\n\t\t\t\t\t\t\t\t\t<div class=\"elementor-tab-title elementor-tab-mobile-title\" aria-selected=\"false\" data-tab=\"2\" role=\"tab\" tabindex=\"-1\" aria-controls=\"elementor-tab-content-1242\" aria-expanded=\"false\">mgr Adam Dziatkiewicz<br>Wicedyrektor <br><br><img src=\/wp-content\/uploads\/2021\/03\/adam_dziatkiewicz.jpg><\/div>\n\t\t\t\t\t<div id=\"elementor-tab-content-1242\" class=\"elementor-tab-content elementor-clearfix\" data-tab=\"2\" role=\"tabpanel\" aria-labelledby=\"elementor-tab-title-1242\" tabindex=\"0\" hidden=\"hidden\"><p>Nazywam si\u0119 <strong>Adam Dziatkiewicz<\/strong>. Z wykszta\u0142cenia jestem pedagogiem (resocjalizacja, pedagogika opieku\u0144czo-wychowawcza). W szkole pe\u0142ni\u0119 funkcj\u0119 wicedyrektora. \u017bycie staram si\u0119 prze\u017cywa\u0107 aktywnie buduj\u0105c dobre i trwa\u0142e relacje z lud\u017ami. Podobnie w pracy. Moja dewiza to \u2013 \u201ewychowanie jest spraw\u0105 serca\u201d. W wolnych chwilach muzykuj\u0119 do czego chcia\u0142bym zaprosi\u0107 tak\u017ce uczni\u00f3w naszej szko\u0142y!<\/p><\/div>\n\t\t\t\t\t\t\t<\/div>\n\t\t<\/div>\n\t\t\t\t<\/div>\n\t\t\t\t<\/div>\n\t\t\t\t\t<\/div>\n\t\t<\/div>\n\t\t\t\t\t\t\t<\/div>\n\t\t<\/section>\n\t\t\t\t<section class=\"elementor-section elementor-top-section elementor-element elementor-element-033d1ff elementor-section-boxed elementor-section-height-default elementor-section-height-default\" data-id=\"033d1ff\" data-element_type=\"section\">\n\t\t\t\t\t\t<div class=\"elementor-container elementor-column-gap-default\">\n\t\t\t\t\t<div class=\"elementor-column elementor-col-100 elementor-top-column elementor-element elementor-element-0379b51\" data-id=\"0379b51\" data-element_type=\"column\">\n\t\t\t<div class=\"elementor-widget-wrap elementor-element-populated\">\n\t\t\t\t\t\t\t\t<div class=\"elementor-element elementor-element-e9a57fd elementor-tabs-view-horizontal elementor-widget elementor-widget-tabs\" data-id=\"e9a57fd\" data-element_type=\"widget\" data-widget_type=\"tabs.default\">\n\t\t\t\t<div class=\"elementor-widget-container\">\n\t\t\t\t\t<div class=\"elementor-tabs\">\n\t\t\t<div class=\"elementor-tabs-wrapper\" role=\"tablist\" >\n\t\t\t\t\t\t\t\t\t<div id=\"elementor-tab-title-2441\" class=\"elementor-tab-title elementor-tab-desktop-title\" aria-selected=\"true\" data-tab=\"1\" role=\"tab\" tabindex=\"0\" aria-controls=\"elementor-tab-content-2441\" aria-expanded=\"false\">mgr Dorota Jarczy\u0144ska-Smurawa<br>Pedagog<br><br><img src=\/wp-content\/uploads\/2021\/03\/kadra_d_smurawa.jpg><\/div>\n\t\t\t\t\t\t\t\t\t<div id=\"elementor-tab-title-2442\" class=\"elementor-tab-title elementor-tab-desktop-title\" aria-selected=\"false\" data-tab=\"2\" role=\"tab\" tabindex=\"-1\" aria-controls=\"elementor-tab-content-2442\" aria-expanded=\"false\">dr Damian Luty<br>etyka, filozofia <br><br><img src=\/wp-content\/uploads\/2021\/03\/Damian-Luty.jpg><\/div>\n\t\t\t\t\t\t\t\t\t<div id=\"elementor-tab-title-2443\" class=\"elementor-tab-title elementor-tab-desktop-title\" aria-selected=\"false\" data-tab=\"3\" role=\"tab\" tabindex=\"-1\" aria-controls=\"elementor-tab-content-2443\" aria-expanded=\"false\">mgr Dorota Staszewska<br>j\u0119zyk polski<br><br><img src=\/wp-content\/uploads\/2023\/11\/dorotastasz.jpg><\/div>\n\t\t\t\t\t\t\t<\/div>\n\t\t\t<div class=\"elementor-tabs-content-wrapper\" role=\"tablist\" aria-orientation=\"vertical\">\n\t\t\t\t\t\t\t\t\t<div class=\"elementor-tab-title elementor-tab-mobile-title\" aria-selected=\"true\" data-tab=\"1\" role=\"tab\" tabindex=\"0\" aria-controls=\"elementor-tab-content-2441\" aria-expanded=\"false\">mgr Dorota Jarczy\u0144ska-Smurawa<br>Pedagog<br><br><img src=\/wp-content\/uploads\/2021\/03\/kadra_d_smurawa.jpg><\/div>\n\t\t\t\t\t<div id=\"elementor-tab-content-2441\" class=\"elementor-tab-content elementor-clearfix\" data-tab=\"1\" role=\"tabpanel\" aria-labelledby=\"elementor-tab-title-2441\" tabindex=\"0\" hidden=\"false\"><p><b>Dorota Jarczy\u0144ska &#8211; Smurawa.<\/b><span style=\"font-weight: 400;\"> Pedago\u017cka szkolna z 25 letnim do\u015bwiadczeniem pracy z m\u0142odzie\u017c\u0105 licealn\u0105. Koordynatorka Klubu Wolontariatu. Za\u0142o\u017cycielka fundacji na rzecz wspomagania rehabilitacji i szerzenia wiedzy kynologicznej \u201e Ma\u0142y Piesek Zuzi\u201d . Propagatorka idei r\u00f3wno\u015bci. Kocha prac\u0119 z m\u0142odzie\u017c\u0105 i ze zwierz\u0119tami. Prywatnie w\u0142a\u015bcicielka trzech ps\u00f3w i kota.<\/span><\/p><\/div>\n\t\t\t\t\t\t\t\t\t<div class=\"elementor-tab-title elementor-tab-mobile-title\" aria-selected=\"false\" data-tab=\"2\" role=\"tab\" tabindex=\"-1\" aria-controls=\"elementor-tab-content-2442\" aria-expanded=\"false\">dr Damian Luty<br>etyka, filozofia <br><br><img src=\/wp-content\/uploads\/2021\/03\/Damian-Luty.jpg><\/div>\n\t\t\t\t\t<div id=\"elementor-tab-content-2442\" class=\"elementor-tab-content elementor-clearfix\" data-tab=\"2\" role=\"tabpanel\" aria-labelledby=\"elementor-tab-title-2442\" tabindex=\"0\" hidden=\"hidden\"><p><b>Damian Luty<\/b> &#8211; jestem nauczycielem filozofii i etyki. Doktorem nauk humanistycznych. Uko\u0144czy\u0142em studia magisterskie na kierunku filozofia na Uniwersytecie Adama Mickiewicza w Poznaniu oraz studia licencjackie na kierunku kulturoznawstwo &#8211; r\u00f3wnie\u017c na UAM. Prowadzone przeze mnie zaj\u0119cia pomy\u015blane s\u0105 jako eksploracja z\u0142o\u017cono\u015bci \u015bwiata (ludzkiego i nie tylko) &#8211; pod r\u0119k\u0119 z Platonem, Kartezjuszem, Foucaltem i innymi, a czasami &#8211; zupe\u0142nie na przek\u00f3r Wielkim Nazwiskom. Na zaj\u0119ciach pomocne nam b\u0119d\u0105 zar\u00f3wno klasyczne teksty filozoficzne jak i dzie\u0142a popkultury. Kluczem b\u0119d\u0105 jednak Wasze przemy\u015blenia i gotowo\u015b\u0107 do rozmowy \ud83d\ude42<\/p><\/div>\n\t\t\t\t\t\t\t\t\t<div class=\"elementor-tab-title elementor-tab-mobile-title\" aria-selected=\"false\" data-tab=\"3\" role=\"tab\" tabindex=\"-1\" aria-controls=\"elementor-tab-content-2443\" aria-expanded=\"false\">mgr Dorota Staszewska<br>j\u0119zyk polski<br><br><img src=\/wp-content\/uploads\/2023\/11\/dorotastasz.jpg><\/div>\n\t\t\t\t\t<div id=\"elementor-tab-content-2443\" class=\"elementor-tab-content elementor-clearfix\" data-tab=\"3\" role=\"tabpanel\" aria-labelledby=\"elementor-tab-title-2443\" tabindex=\"0\" hidden=\"hidden\"><p><strong>Dorota Staszewska.<\/strong> Uko\u0144czy\u0142am pozna\u0144sk\u0105 Marynk\u0119 oraz polonistyk\u0119 na Uniwersytecie im. Adama Mickiewicza. <br \/>My\u015bl\u0119, \u017ce w poznawaniu literatury i j\u0119zyka najwa\u017cniejsze rozgrywa si\u0119 pomi\u0119dzy \u2013 nami a \u015bwiatem, tekstem, cz\u0142owiekiem, kt\u00f3ry go napisa\u0142, mi\u0119dzy nami w klasie nawzajem, a ostatecznie i tak wewn\u0105trz nas \u2013 gdzie\u015b w drodze mi\u0119dzy sercem, sumieniem, rozumem\u2026 Dlatego czytamy, interpretujemy, \u0107wiczymy, pytamy o warto\u015bci, i zawsze z takich spotka\u0144 \u201epomi\u0119dzy\u201d zostaje w nas wi\u0119cej, ni\u017c zak\u0142adali\u015bmy.<\/p><\/div>\n\t\t\t\t\t\t\t<\/div>\n\t\t<\/div>\n\t\t\t\t<\/div>\n\t\t\t\t<\/div>\n\t\t\t\t\t<\/div>\n\t\t<\/div>\n\t\t\t\t\t\t\t<\/div>\n\t\t<\/section>\n\t\t\t\t<section class=\"elementor-section elementor-top-section elementor-element elementor-element-69f1d94 elementor-section-boxed elementor-section-height-default elementor-section-height-default\" data-id=\"69f1d94\" data-element_type=\"section\">\n\t\t\t\t\t\t<div class=\"elementor-container elementor-column-gap-default\">\n\t\t\t\t\t<div class=\"elementor-column elementor-col-100 elementor-top-column elementor-element elementor-element-0ff2244\" data-id=\"0ff2244\" data-element_type=\"column\">\n\t\t\t<div class=\"elementor-widget-wrap elementor-element-populated\">\n\t\t\t\t\t\t\t\t<div class=\"elementor-element elementor-element-6408fc0 elementor-tabs-view-horizontal elementor-widget elementor-widget-tabs\" data-id=\"6408fc0\" data-element_type=\"widget\" data-widget_type=\"tabs.default\">\n\t\t\t\t<div class=\"elementor-widget-container\">\n\t\t\t\t\t<div class=\"elementor-tabs\">\n\t\t\t<div class=\"elementor-tabs-wrapper\" role=\"tablist\" >\n\t\t\t\t\t\t\t\t\t<div id=\"elementor-tab-title-1041\" class=\"elementor-tab-title elementor-tab-desktop-title\" aria-selected=\"true\" data-tab=\"1\" role=\"tab\" tabindex=\"0\" aria-controls=\"elementor-tab-content-1041\" aria-expanded=\"false\">mgr Aleksandra Oliwa<br>j\u0119zyk angielski<br><br><img src=\/wp-content\/uploads\/2023\/09\/aleksandra_oliwa.jpg><\/div>\n\t\t\t\t\t\t\t\t\t<div id=\"elementor-tab-title-1042\" class=\"elementor-tab-title elementor-tab-desktop-title\" aria-selected=\"false\" data-tab=\"2\" role=\"tab\" tabindex=\"-1\" aria-controls=\"elementor-tab-content-1042\" aria-expanded=\"false\">mgr Robert Sawicki<br>EDB<br><br><img src=\/wp-content\/uploads\/2021\/03\/kadra_r_sawicki.jpg><\/div>\n\t\t\t\t\t\t\t\t\t<div id=\"elementor-tab-title-1043\" class=\"elementor-tab-title elementor-tab-desktop-title\" aria-selected=\"false\" data-tab=\"3\" role=\"tab\" tabindex=\"-1\" aria-controls=\"elementor-tab-content-1043\" aria-expanded=\"false\">lic. Maria Borowczyk<br>j\u0119zyk hiszpa\u0144ski<br><br><img src=\/wp-content\/uploads\/2023\/11\/mariaboro.jpg><\/div>\n\t\t\t\t\t\t\t<\/div>\n\t\t\t<div class=\"elementor-tabs-content-wrapper\" role=\"tablist\" aria-orientation=\"vertical\">\n\t\t\t\t\t\t\t\t\t<div class=\"elementor-tab-title elementor-tab-mobile-title\" aria-selected=\"true\" data-tab=\"1\" role=\"tab\" tabindex=\"0\" aria-controls=\"elementor-tab-content-1041\" aria-expanded=\"false\">mgr Aleksandra Oliwa<br>j\u0119zyk angielski<br><br><img src=\/wp-content\/uploads\/2023\/09\/aleksandra_oliwa.jpg><\/div>\n\t\t\t\t\t<div id=\"elementor-tab-content-1041\" class=\"elementor-tab-content elementor-clearfix\" data-tab=\"1\" role=\"tabpanel\" aria-labelledby=\"elementor-tab-title-1041\" tabindex=\"0\" hidden=\"false\"><p><strong>Aleksandra Oliwa<\/strong>. Jestem absolwentk\u0105 filologii rosyjsko-angielskiej UAM w Poznaniu i, od wrze\u015bnia 2023, nauczycielk\u0105 j\u0119zyka angielskiego w Liceum Linde. Uwielbiam wszystko co jest zwi\u0105zane z j\u0119zykiem i kultur\u0105 kraj\u00f3w angloj\u0119zycznych, a w szczeg\u00f3lno\u015bci gramatyk\u0119 \ud83d\ude42 Z wielk\u0105 rado\u015bci\u0105 towarzysz\u0119 moim uczniom w doskonaleniu umiej\u0119tno\u015bci z zakresu j\u0119zyka angielskiego (zach\u0119caj\u0105c i wspieraj\u0105c w pracy z planem samodoskonalenia j\u0119zykowego), jak i w stawaniu si\u0119 wystarczaj\u0105co dobr\u0105 wersj\u0105 siebie. Praktykuj\u0119 uwa\u017cno\u015b\u0107 (mindfulness) i wykorzystuj\u0119 jej elementy w pracy z m\u0142odzie\u017c\u0105. W wolnym czasie czytam<br \/>ksi\u0105\u017cki, ogl\u0105dam filmy i seriale, spaceruj\u0119, sp\u0119dzam czas blisko natury.<\/p><\/div>\n\t\t\t\t\t\t\t\t\t<div class=\"elementor-tab-title elementor-tab-mobile-title\" aria-selected=\"false\" data-tab=\"2\" role=\"tab\" tabindex=\"-1\" aria-controls=\"elementor-tab-content-1042\" aria-expanded=\"false\">mgr Robert Sawicki<br>EDB<br><br><img src=\/wp-content\/uploads\/2021\/03\/kadra_r_sawicki.jpg><\/div>\n\t\t\t\t\t<div id=\"elementor-tab-content-1042\" class=\"elementor-tab-content elementor-clearfix\" data-tab=\"2\" role=\"tabpanel\" aria-labelledby=\"elementor-tab-title-1042\" tabindex=\"0\" hidden=\"hidden\"><p><span style=\"font-weight: 400;\">Absolwent Akademii Obrony Narodowej w Warszawie (oficer dyplomowany, magister ekonomii). Uko\u0144czy\u0142 Studia Podyplomowe w\u00a0 Wy\u017cszej Szko\u0142y Handlu i Us\u0142ug w Poznaniu na kierunku Zarz\u0105dzanie\u00a0 Turystyk\u0105 i Zak\u0142adami Hotelarskimi. Preferuje aktywny i zdrowy styl \u017cycia. Z zami\u0142owaniem uprawia Nordic Walking (Instruktor Nordic Walking). Interesuje si\u0119 turystyk\u0105 przygodow\u0105 i forteczn\u0105.<\/span><\/p><\/div>\n\t\t\t\t\t\t\t\t\t<div class=\"elementor-tab-title elementor-tab-mobile-title\" aria-selected=\"false\" data-tab=\"3\" role=\"tab\" tabindex=\"-1\" aria-controls=\"elementor-tab-content-1043\" aria-expanded=\"false\">lic. Maria Borowczyk<br>j\u0119zyk hiszpa\u0144ski<br><br><img src=\/wp-content\/uploads\/2023\/11\/mariaboro.jpg><\/div>\n\t\t\t\t\t<div id=\"elementor-tab-content-1043\" class=\"elementor-tab-content elementor-clearfix\" data-tab=\"3\" role=\"tabpanel\" aria-labelledby=\"elementor-tab-title-1043\" tabindex=\"0\" hidden=\"hidden\"><p><strong>Maria Borowczyk.<\/strong> \u00a1Hola! Soy Maria. Jestem absolwentk\u0105 Wy\u017cszej Szko\u0142y J\u0119zyk\u00f3w Obcych im. Samuela Bogumi\u0142a Lindego w Poznaniu. Ucz\u0119 j\u0119zyka hiszpa\u0144skiego w liceum oraz w szko\u0142ach j\u0119zykowych. Od wielu lat moj\u0105 pasj\u0105 jest j\u0119zyk hiszpa\u0144ski oraz kultura Hiszpanii. Moim ulubionym daniem jest tortilla de patatas, kt\u00f3ra jest kulinarnym symbolem tego kraju. Na lekcjach ch\u0119tnie opowiadam ciekawostki dotycz\u0105ce Hiszpanii, a moim celem jest zafascynowanie uczni\u00f3w mi\u0142o\u015bci\u0105 do tego j\u0119zyka i kraju.<\/p><\/div>\n\t\t\t\t\t\t\t<\/div>\n\t\t<\/div>\n\t\t\t\t<\/div>\n\t\t\t\t<\/div>\n\t\t\t\t\t<\/div>\n\t\t<\/div>\n\t\t\t\t\t\t\t<\/div>\n\t\t<\/section>\n\t\t\t\t<section class=\"elementor-section elementor-top-section elementor-element elementor-element-6c89d78 elementor-section-boxed elementor-section-height-default elementor-section-height-default\" data-id=\"6c89d78\" data-element_type=\"section\">\n\t\t\t\t\t\t<div class=\"elementor-container elementor-column-gap-default\">\n\t\t\t\t\t<div class=\"elementor-column elementor-col-100 elementor-top-column elementor-element elementor-element-7953db7\" data-id=\"7953db7\" data-element_type=\"column\">\n\t\t\t<div class=\"elementor-widget-wrap elementor-element-populated\">\n\t\t\t\t\t\t\t\t<div class=\"elementor-element elementor-element-c5d915a elementor-tabs-view-horizontal elementor-widget elementor-widget-tabs\" data-id=\"c5d915a\" data-element_type=\"widget\" data-widget_type=\"tabs.default\">\n\t\t\t\t<div class=\"elementor-widget-container\">\n\t\t\t\t\t<div class=\"elementor-tabs\">\n\t\t\t<div class=\"elementor-tabs-wrapper\" role=\"tablist\" >\n\t\t\t\t\t\t\t\t\t<div id=\"elementor-tab-title-2071\" class=\"elementor-tab-title elementor-tab-desktop-title\" aria-selected=\"true\" data-tab=\"1\" role=\"tab\" tabindex=\"0\" aria-controls=\"elementor-tab-content-2071\" aria-expanded=\"false\">dr Beata Niklewicz<br>j\u0119zyk polski<br><br><img src=\/wp-content\/uploads\/2021\/03\/kadra_b_niklewicz.jpg><\/div>\n\t\t\t\t\t\t\t\t\t<div id=\"elementor-tab-title-2072\" class=\"elementor-tab-title elementor-tab-desktop-title\" aria-selected=\"false\" data-tab=\"2\" role=\"tab\" tabindex=\"-1\" aria-controls=\"elementor-tab-content-2072\" aria-expanded=\"false\">mgr Ilona Ka\u017amierczak<br>psycholog<br><br><img src=\/wp-content\/uploads\/2023\/11\/ilona_kazmierczak.jpg><\/div>\n\t\t\t\t\t\t\t\t\t<div id=\"elementor-tab-title-2073\" class=\"elementor-tab-title elementor-tab-desktop-title\" aria-selected=\"false\" data-tab=\"3\" role=\"tab\" tabindex=\"-1\" aria-controls=\"elementor-tab-content-2073\" aria-expanded=\"false\">mgr Magdalena Czy\u017cewska<br>j\u0119zyk polski<br><br><img src=\/wp-content\/uploads\/2021\/03\/kadra_m_czyzewska.jpg><\/div>\n\t\t\t\t\t\t\t<\/div>\n\t\t\t<div class=\"elementor-tabs-content-wrapper\" role=\"tablist\" aria-orientation=\"vertical\">\n\t\t\t\t\t\t\t\t\t<div class=\"elementor-tab-title elementor-tab-mobile-title\" aria-selected=\"true\" data-tab=\"1\" role=\"tab\" tabindex=\"0\" aria-controls=\"elementor-tab-content-2071\" aria-expanded=\"false\">dr Beata Niklewicz<br>j\u0119zyk polski<br><br><img src=\/wp-content\/uploads\/2021\/03\/kadra_b_niklewicz.jpg><\/div>\n\t\t\t\t\t<div id=\"elementor-tab-content-2071\" class=\"elementor-tab-content elementor-clearfix\" data-tab=\"1\" role=\"tabpanel\" aria-labelledby=\"elementor-tab-title-2071\" tabindex=\"0\" hidden=\"false\"><p><b>Nazywam si\u0119 Beata Niklewicz<\/b><span style=\"font-weight: 400;\"> i ucz\u0119 j\u0119zyka polskiego na poziomie podstawowym i rozszerzonym.<\/span><\/p><p><span style=\"font-weight: 400;\">Jestem doktorem literaturoznawstwa Uniwersytetu im. Adama Mickiewicza w Poznaniu, <\/span><span style=\"font-weight: 400;\">studiowa\u0142am filologi\u0119 polsk\u0105, histori\u0119 sztuki i muzykologi\u0119. Na moich lekcjach b\u0119dziemy pracowali metod\u0105 projektu, dyskutowali o tekstach literackich, odwiedzimy pozna\u0144skie muzea i teatry \u2013 wcielaj\u0105c si\u0119 w krytyk\u00f3w i redaktor\u00f3w tekst\u00f3w. Zaprosz\u0119 Was tak\u017ce do treningu maturalnego.<\/span><\/p><\/div>\n\t\t\t\t\t\t\t\t\t<div class=\"elementor-tab-title elementor-tab-mobile-title\" aria-selected=\"false\" data-tab=\"2\" role=\"tab\" tabindex=\"-1\" aria-controls=\"elementor-tab-content-2072\" aria-expanded=\"false\">mgr Ilona Ka\u017amierczak<br>psycholog<br><br><img src=\/wp-content\/uploads\/2023\/11\/ilona_kazmierczak.jpg><\/div>\n\t\t\t\t\t<div id=\"elementor-tab-content-2072\" class=\"elementor-tab-content elementor-clearfix\" data-tab=\"2\" role=\"tabpanel\" aria-labelledby=\"elementor-tab-title-2072\" tabindex=\"0\" hidden=\"hidden\"><p><strong>Ilona Ka\u017amierczak.<\/strong> Jestem absolwentk\u0105 Uniwersytetu SWPS. W pracy z drug\u0105 osob\u0105 wykazuje si\u0119 empati\u0105, trosk\u0105, zrozumieniem. <br \/>W pracy jak i \u017cyciu osobistym staram si\u0119 kierowa\u0107 my\u015bl\u0105 , \u017ce &#8220;nie ma w \u017cyciu sytuacji z kt\u00f3rej nie ma wyj\u015bcia&#8221;.<br \/>Pomagam pokonywa\u0107 przeszkody lub akceptowa\u0107 to, czego zmieni\u0107 nie mo\u017cemy. Prywatnie mi\u0142o\u015bniczka zwierz\u0105t i wege kuchni<\/p><\/div>\n\t\t\t\t\t\t\t\t\t<div class=\"elementor-tab-title elementor-tab-mobile-title\" aria-selected=\"false\" data-tab=\"3\" role=\"tab\" tabindex=\"-1\" aria-controls=\"elementor-tab-content-2073\" aria-expanded=\"false\">mgr Magdalena Czy\u017cewska<br>j\u0119zyk polski<br><br><img src=\/wp-content\/uploads\/2021\/03\/kadra_m_czyzewska.jpg><\/div>\n\t\t\t\t\t<div id=\"elementor-tab-content-2073\" class=\"elementor-tab-content elementor-clearfix\" data-tab=\"3\" role=\"tabpanel\" aria-labelledby=\"elementor-tab-title-2073\" tabindex=\"0\" hidden=\"hidden\"><p>Nazywam si\u0119 <strong>Magdalena Czy\u017cewska<\/strong>, jestem nauczycielem j\u0119zyka polskiego. Uko\u0144czy\u0142am filologi\u0119 polsk\u0105, prawo oraz studia podyplomowe z nauczania j\u0119zyka polskiego jako obcego na Uniwersytecie im. Adama Mickiewicza w Poznaniu. Uwielbiam rozmowy o literaturze z lud\u017ami w ka\u017cdym wieku, a szczeg\u00f3lnie z m\u0142odzie\u017c\u0105, bowiem pozwalaj\u0105 mi one odby\u0107 podr\u00f3\u017c sentymentaln\u0105 w \u015bwiat przepi\u0119knych, gor\u0105cych emocji oraz przypominaj\u0105 o tym, \u017ce na ka\u017cdym etapie \u017cycia mo\u017cemy inaczej postrzega\u0107 a tak\u017ce ocenia\u0107 problemy egzystencjalne i wszystko to, co si\u0119 z nimi wi\u0105\u017ce. Ponadto kocham g\u00f3ry, podr\u00f3\u017ce oraz praktyk\u0119 jogi, kt\u00f3ra pozwala mi zachowa\u0107 spok\u00f3j w najbardziej nawet stresuj\u0105cych momentach.<\/p><\/div>\n\t\t\t\t\t\t\t<\/div>\n\t\t<\/div>\n\t\t\t\t<\/div>\n\t\t\t\t<\/div>\n\t\t\t\t\t<\/div>\n\t\t<\/div>\n\t\t\t\t\t\t\t<\/div>\n\t\t<\/section>\n\t\t\t\t<section class=\"elementor-section elementor-top-section elementor-element elementor-element-54f6f78 elementor-section-boxed elementor-section-height-default elementor-section-height-default\" data-id=\"54f6f78\" data-element_type=\"section\">\n\t\t\t\t\t\t<div class=\"elementor-container elementor-column-gap-default\">\n\t\t\t\t\t<div class=\"elementor-column elementor-col-100 elementor-top-column elementor-element elementor-element-938eff3\" data-id=\"938eff3\" data-element_type=\"column\">\n\t\t\t<div class=\"elementor-widget-wrap elementor-element-populated\">\n\t\t\t\t\t\t\t\t<div class=\"elementor-element elementor-element-a14914c elementor-tabs-view-horizontal elementor-widget elementor-widget-tabs\" data-id=\"a14914c\" data-element_type=\"widget\" data-widget_type=\"tabs.default\">\n\t\t\t\t<div class=\"elementor-widget-container\">\n\t\t\t\t\t<div class=\"elementor-tabs\">\n\t\t\t<div class=\"elementor-tabs-wrapper\" role=\"tablist\" >\n\t\t\t\t\t\t\t\t\t<div id=\"elementor-tab-title-1691\" class=\"elementor-tab-title elementor-tab-desktop-title\" aria-selected=\"true\" data-tab=\"1\" role=\"tab\" tabindex=\"0\" aria-controls=\"elementor-tab-content-1691\" aria-expanded=\"false\">mgr Lidia Krawczak<br>fizyka <br><br><img src=\/wp-content\/uploads\/2021\/03\/kadra_l_krawczak.jpg><\/div>\n\t\t\t\t\t\t\t\t\t<div id=\"elementor-tab-title-1692\" class=\"elementor-tab-title elementor-tab-desktop-title\" aria-selected=\"false\" data-tab=\"2\" role=\"tab\" tabindex=\"-1\" aria-controls=\"elementor-tab-content-1692\" aria-expanded=\"false\">dr Dorota Szukalska<br>biologia<br><br><img src=\/wp-content\/uploads\/2021\/03\/dorota_szukalska.jpg><\/div>\n\t\t\t\t\t\t\t\t\t<div id=\"elementor-tab-title-1693\" class=\"elementor-tab-title elementor-tab-desktop-title\" aria-selected=\"false\" data-tab=\"3\" role=\"tab\" tabindex=\"-1\" aria-controls=\"elementor-tab-content-1693\" aria-expanded=\"false\">mgr Alina Siudzi\u0144ska<br>historia, WOS <br><br><img src=\/wp-content\/uploads\/2021\/03\/kadra_a_siudzinska.jpg><\/div>\n\t\t\t\t\t\t\t<\/div>\n\t\t\t<div class=\"elementor-tabs-content-wrapper\" role=\"tablist\" aria-orientation=\"vertical\">\n\t\t\t\t\t\t\t\t\t<div class=\"elementor-tab-title elementor-tab-mobile-title\" aria-selected=\"true\" data-tab=\"1\" role=\"tab\" tabindex=\"0\" aria-controls=\"elementor-tab-content-1691\" aria-expanded=\"false\">mgr Lidia Krawczak<br>fizyka <br><br><img src=\/wp-content\/uploads\/2021\/03\/kadra_l_krawczak.jpg><\/div>\n\t\t\t\t\t<div id=\"elementor-tab-content-1691\" class=\"elementor-tab-content elementor-clearfix\" data-tab=\"1\" role=\"tabpanel\" aria-labelledby=\"elementor-tab-title-1691\" tabindex=\"0\" hidden=\"false\"><p><span style=\"font-weight: 400;\">Nazywam si\u0119 <strong>Lidia Krawczak<\/strong> ucz\u0119 fizyki. Jestem pedagogiem z wieloletnim do\u015bwiadczeniem. Pasjonuje mnie \u015bwiat zjawisk fizycznych i pomoc m\u0142odym ludziom w poznawaniu \u015bwiata, jego praw i zasad. Lubi\u0119 pracowa\u0107 z m\u0142odzie\u017c\u0105 poniewa\u017c te spotkania pozwalaj\u0105 rozwin\u0105\u0107 zar\u00f3wno im jak i mnie swoje pasje, zainteresowania i pog\u0142\u0119bi\u0107 do\u015bwiadczenie \u017cyciowe.<\/span><\/p><\/div>\n\t\t\t\t\t\t\t\t\t<div class=\"elementor-tab-title elementor-tab-mobile-title\" aria-selected=\"false\" data-tab=\"2\" role=\"tab\" tabindex=\"-1\" aria-controls=\"elementor-tab-content-1692\" aria-expanded=\"false\">dr Dorota Szukalska<br>biologia<br><br><img src=\/wp-content\/uploads\/2021\/03\/dorota_szukalska.jpg><\/div>\n\t\t\t\t\t<div id=\"elementor-tab-content-1692\" class=\"elementor-tab-content elementor-clearfix\" data-tab=\"2\" role=\"tabpanel\" aria-labelledby=\"elementor-tab-title-1692\" tabindex=\"0\" hidden=\"hidden\"><p class=\"Standard\">Jestem poznaniank\u0105 i ca\u0142e moje dotychczasowe \u017cycie sp\u0119dzi\u0142am w rodzinnym mie\u015bcie. Tu uko\u0144czy\u0142am studia biologiczne na Wydziale Biologii Uniwersytetu im. A. Mickiewicza. Czas studi\u00f3w do dzisiaj wspominam jako najciekawszy okres w moim \u017cyciu, kt\u00f3ry mi\u0119dzy innymi na dobrych kilka lat pozwoli\u0142 mi zwi\u0105za\u0107 si\u0119 z Babi\u0105 G\u00f3r\u0105 w Beskidzie Wysokim i od strony naukowej i od towarzyskiej. Pozna\u0142am przyrod\u0119 tego masywu od jej najpierwotniejszej strony, zbiera\u0142am tam bowiem materia\u0142y do mojej pracy doktorskiej dotycz\u0105cej ro\u015blinno\u015bci porastaj\u0105cej martwe drzewa.<\/p><p class=\"Standard\">Ucz\u0119 biologii w Liceum Akademickim linde.edu.pl oraz w Og\u00f3lnokszta\u0142c\u0105cej Szkole Muzycznej im J. Kaliszewskiej w Zespole Szk\u00f3\u0142 Muzycznych w Poznaniu i mam to szcz\u0119\u015bcie, \u017ce bardzo lubi\u0119 moje szko\u0142y i uczni\u00f3w. W wolnym czasie czytam ksi\u0105\u017cki i ogromn\u0105 przyjemno\u015b\u0107 sprawiaj\u0105 mi prace na dzia\u0142ce, kontakt z ziemi\u0105 i ro\u015blinami.<\/p><\/div>\n\t\t\t\t\t\t\t\t\t<div class=\"elementor-tab-title elementor-tab-mobile-title\" aria-selected=\"false\" data-tab=\"3\" role=\"tab\" tabindex=\"-1\" aria-controls=\"elementor-tab-content-1693\" aria-expanded=\"false\">mgr Alina Siudzi\u0144ska<br>historia, WOS <br><br><img src=\/wp-content\/uploads\/2021\/03\/kadra_a_siudzinska.jpg><\/div>\n\t\t\t\t\t<div id=\"elementor-tab-content-1693\" class=\"elementor-tab-content elementor-clearfix\" data-tab=\"3\" role=\"tabpanel\" aria-labelledby=\"elementor-tab-title-1693\" tabindex=\"0\" hidden=\"hidden\"><p><strong>Alina Siudzi\u0144ska<\/strong>. Od przedszkola m\u00f3wi\u0142am, \u017ce zostan\u0119 nauczycielk\u0105, a szko\u0142a zawsze kojarzy\u0142a mi si\u0119 z przygod\u0105 \u2026\u00a0 do tej przygody i Was zapraszam \u2026 jestem nauczycielem dwuprzedmiotowcem: ucz\u0119 historii i wiedzy o spo\u0142ecze\u0144stwie, kt\u00f3re s\u0105 obszarem nieustannego odkrywania i kszta\u0142towania wizji \u015bwiata\u2026 Prywatnie jestem mediatorem. W \u017cyciu kieruj\u0119 si\u0119 dewizami: \u201eto dobrze, \u017ce Ci\u0119 spotka\u0142am \u2013 nauczy\u0142a\u015b, nauczy\u0142e\u015b mnie tak wielu rzeczy\u201d, \u00a0\u201eto dobrze, \u017ce pada deszcz \u2013 mog\u0119 otworzy\u0107 kolorowy parasol\u201d i \u201enie ma rzeczy niemo\u017cliwych \u2013 s\u0105 tylko mniej lub bardziej trudne do wykonania\u201d. Uwielbiam podr\u00f3\u017ce i \u2026 zwiedzanie z odkrywaniem, lubi\u0119 dobr\u0105 kuchni\u0119 i jazd\u0119 samochodem \u2013 za kierownic\u0105<\/p><\/div>\n\t\t\t\t\t\t\t<\/div>\n\t\t<\/div>\n\t\t\t\t<\/div>\n\t\t\t\t<\/div>\n\t\t\t\t\t<\/div>\n\t\t<\/div>\n\t\t\t\t\t\t\t<\/div>\n\t\t<\/section>\n\t\t\t\t<section class=\"elementor-section elementor-top-section elementor-element elementor-element-d02cbe9 elementor-section-boxed elementor-section-height-default elementor-section-height-default\" data-id=\"d02cbe9\" data-element_type=\"section\">\n\t\t\t\t\t\t<div class=\"elementor-container elementor-column-gap-default\">\n\t\t\t\t\t<div class=\"elementor-column elementor-col-100 elementor-top-column elementor-element elementor-element-93f577e\" data-id=\"93f577e\" data-element_type=\"column\">\n\t\t\t<div class=\"elementor-widget-wrap elementor-element-populated\">\n\t\t\t\t\t\t\t\t<div class=\"elementor-element elementor-element-37dadae elementor-tabs-view-horizontal elementor-widget elementor-widget-tabs\" data-id=\"37dadae\" data-element_type=\"widget\" data-widget_type=\"tabs.default\">\n\t\t\t\t<div class=\"elementor-widget-container\">\n\t\t\t\t\t<div class=\"elementor-tabs\">\n\t\t\t<div class=\"elementor-tabs-wrapper\" role=\"tablist\" >\n\t\t\t\t\t\t\t\t\t<div id=\"elementor-tab-title-5851\" class=\"elementor-tab-title elementor-tab-desktop-title\" aria-selected=\"true\" data-tab=\"1\" role=\"tab\" tabindex=\"0\" aria-controls=\"elementor-tab-content-5851\" aria-expanded=\"false\">dr Witold Kowalski<br>j\u0119zyk francuski <br><br><img src=\/wp-content\/uploads\/2021\/03\/kadra_w_kowalski.jpg><\/div>\n\t\t\t\t\t\t\t\t\t<div id=\"elementor-tab-title-5852\" class=\"elementor-tab-title elementor-tab-desktop-title\" aria-selected=\"false\" data-tab=\"2\" role=\"tab\" tabindex=\"-1\" aria-controls=\"elementor-tab-content-5852\" aria-expanded=\"false\">mgr Krzysztof Sabiniewicz<br>j\u0119zyk niemiecki i angielski<br><br><img src=\/wp-content\/uploads\/2023\/11\/krzysztof_sabiniewicz.jpg><\/div>\n\t\t\t\t\t\t\t\t\t<div id=\"elementor-tab-title-5853\" class=\"elementor-tab-title elementor-tab-desktop-title\" aria-selected=\"false\" data-tab=\"3\" role=\"tab\" tabindex=\"-1\" aria-controls=\"elementor-tab-content-5853\" aria-expanded=\"false\">mgr Aleksandra Gorczyca<br>pedagog specjalny<br><br><img src=https:\/\/linde.edu.pl\/wp-content\/uploads\/2025\/04\/Aleksandra_Gorczyca.jpg><\/div>\n\t\t\t\t\t\t\t<\/div>\n\t\t\t<div class=\"elementor-tabs-content-wrapper\" role=\"tablist\" aria-orientation=\"vertical\">\n\t\t\t\t\t\t\t\t\t<div class=\"elementor-tab-title elementor-tab-mobile-title\" aria-selected=\"true\" data-tab=\"1\" role=\"tab\" tabindex=\"0\" aria-controls=\"elementor-tab-content-5851\" aria-expanded=\"false\">dr Witold Kowalski<br>j\u0119zyk francuski <br><br><img src=\/wp-content\/uploads\/2021\/03\/kadra_w_kowalski.jpg><\/div>\n\t\t\t\t\t<div id=\"elementor-tab-content-5851\" class=\"elementor-tab-content elementor-clearfix\" data-tab=\"1\" role=\"tabpanel\" aria-labelledby=\"elementor-tab-title-5851\" tabindex=\"0\" hidden=\"false\"><p><b>Witold Kowalski.<\/b><span style=\"font-weight: 400;\"> Ucz\u0119 j\u0119zyka francuskiego na r\u00f3\u017cnych poziomach zaawansowania od ponad dwudziestu lat (liceum, uczelnie i szko\u0142y j\u0119zykowe). Na moich zaj\u0119ciach przekazuj\u0119 r\u00f3wnie\u017c maksimum przydatnych informacji o krajach francuskiego obszaru j\u0119zykowego.<\/span><\/p><\/div>\n\t\t\t\t\t\t\t\t\t<div class=\"elementor-tab-title elementor-tab-mobile-title\" aria-selected=\"false\" data-tab=\"2\" role=\"tab\" tabindex=\"-1\" aria-controls=\"elementor-tab-content-5852\" aria-expanded=\"false\">mgr Krzysztof Sabiniewicz<br>j\u0119zyk niemiecki i angielski<br><br><img src=\/wp-content\/uploads\/2023\/11\/krzysztof_sabiniewicz.jpg><\/div>\n\t\t\t\t\t<div id=\"elementor-tab-content-5852\" class=\"elementor-tab-content elementor-clearfix\" data-tab=\"2\" role=\"tabpanel\" aria-labelledby=\"elementor-tab-title-5852\" tabindex=\"0\" hidden=\"hidden\"><p><strong>Krzysztof Sabiniewicz<\/strong> \u2013<\/p><div>Jestem absolwentem Filologii Germa\u0144skiej na Uniwersytecie Adama Mickiewicza w Poznaniu oraz studi\u00f3w MBA na Europ\u00e4ische Wirtschaftshochschule w Berlinie.<\/div><p>Moj\u0105 pasj\u0105 s\u0105 j\u0119zyki obce i uwielbiam si\u0119 ni\u0105 dzieli\u0107 z moimi uczniami &#8211; m\u00f3wi\u0119 po niemiecku, angielsku i hiszpa\u0144sku, obecnie ucz\u0119 si\u0119 w\u0142oskiego, a w przysz\u0142o\u015bci zamierzam opanowa\u0107 portugalski.<\/p><div><div>Dzi\u0119ki j\u0119zykom naby\u0142em wiele umiej\u0119tno\u015bci i nawi\u0105za\u0142em ciekawe przyja\u017anie.<\/div><div>Bardzo lubi\u0119 podr\u00f3\u017ce, kuchni\u0119 \u015br\u00f3dziemnomorsk\u0105, muzyk\u0119 w r\u00f3\u017cnorodnych odcieniach oraz ruch na \u015bwie\u017cym powietrzu.<\/div><\/div><\/div>\n\t\t\t\t\t\t\t\t\t<div class=\"elementor-tab-title elementor-tab-mobile-title\" aria-selected=\"false\" data-tab=\"3\" role=\"tab\" tabindex=\"-1\" aria-controls=\"elementor-tab-content-5853\" aria-expanded=\"false\">mgr Aleksandra Gorczyca<br>pedagog specjalny<br><br><img src=https:\/\/linde.edu.pl\/wp-content\/uploads\/2025\/04\/Aleksandra_Gorczyca.jpg><\/div>\n\t\t\t\t\t<div id=\"elementor-tab-content-5853\" class=\"elementor-tab-content elementor-clearfix\" data-tab=\"3\" role=\"tabpanel\" aria-labelledby=\"elementor-tab-title-5853\" tabindex=\"0\" hidden=\"hidden\"><p><strong>Aleksandra Gorczyca &#8211; Pomagam uczniom lepiej zrozumie\u0107 siebie, swoje emocje i potrzeby, aby mogli podejmowa\u0107 \u015bwiadome decyzje i budowa\u0107 zdrowsze relacje \u2013 zar\u00f3wno ze sob\u0105, jak i z innymi. Stawiam na rozwijanie samo\u015bwiadomo\u015bci, efektywnej komunikacji oraz budowanie wewn\u0119trznego spokoju.<br \/><\/strong><\/p><p>Interesuj\u0119 si\u0119 grami, nowymi technologiami, zg\u0142\u0119biam te\u017c wiedz\u0119 na temat mechanizm\u00f3w i schemat\u00f3w my\u015blenia. Lubi\u0119 gra\u0107 w gry,\u00a0kt\u00f3re stawiaj\u0105 mnie przed trudnymi wyborami i zmuszaj\u0105 do kwestionowania w\u0142asnych przekona\u0144. Gdy dopadaj\u0105 mnie trudne dni, pomaga mi \u015bpiew i\u00a0tw\u00f3rcza praca. Staram si\u0119 patrze\u0107 na \u017cycie z dystansem, skupia\u0107 na tym, na co mam wp\u0142yw i dzia\u0142a\u0107.<\/p><p>Uko\u0144czy\u0142am pedagogik\u0119 specjaln\u0105 I i II stopnia na Uniwersytecie im. Adama Mickiewicza w Poznaniu. Specjalizuj\u0119 si\u0119 w edukacji i rehabilitacji os\u00f3b z zaburzeniami ze spektrum autyzmu oraz niepe\u0142nosprawno\u015bci\u0105 intelektualn\u0105.<\/p><\/div>\n\t\t\t\t\t\t\t<\/div>\n\t\t<\/div>\n\t\t\t\t<\/div>\n\t\t\t\t<\/div>\n\t\t\t\t\t<\/div>\n\t\t<\/div>\n\t\t\t\t\t\t\t<\/div>\n\t\t<\/section>\n\t\t\t\t<section class=\"elementor-section elementor-top-section elementor-element elementor-element-300bf8c elementor-section-boxed elementor-section-height-default elementor-section-height-default\" data-id=\"300bf8c\" data-element_type=\"section\">\n\t\t\t\t\t\t<div class=\"elementor-container elementor-column-gap-default\">\n\t\t\t\t\t<div class=\"elementor-column elementor-col-100 elementor-top-column elementor-element elementor-element-9a21055\" data-id=\"9a21055\" data-element_type=\"column\">\n\t\t\t<div class=\"elementor-widget-wrap elementor-element-populated\">\n\t\t\t\t\t\t\t\t<div class=\"elementor-element elementor-element-bb9dfe2 elementor-tabs-view-horizontal elementor-widget elementor-widget-tabs\" data-id=\"bb9dfe2\" data-element_type=\"widget\" data-widget_type=\"tabs.default\">\n\t\t\t\t<div class=\"elementor-widget-container\">\n\t\t\t\t\t<div class=\"elementor-tabs\">\n\t\t\t<div class=\"elementor-tabs-wrapper\" role=\"tablist\" >\n\t\t\t\t\t\t\t\t\t<div id=\"elementor-tab-title-1961\" class=\"elementor-tab-title elementor-tab-desktop-title\" aria-selected=\"true\" data-tab=\"1\" role=\"tab\" tabindex=\"0\" aria-controls=\"elementor-tab-content-1961\" aria-expanded=\"false\">mgr Violetta Rasi\u0144ska<br>historia, WOS<br><br><img src=\/wp-content\/uploads\/2021\/03\/violetta_rasinska.jpg><\/div>\n\t\t\t\t\t\t\t\t\t<div id=\"elementor-tab-title-1962\" class=\"elementor-tab-title elementor-tab-desktop-title\" aria-selected=\"false\" data-tab=\"2\" role=\"tab\" tabindex=\"-1\" aria-controls=\"elementor-tab-content-1962\" aria-expanded=\"false\">mgr Klaudia Stachowiak<br>chemia<br><br><img src=\/wp-content\/uploads\/2021\/10\/klaudia_chemia.jpg><\/div>\n\t\t\t\t\t\t\t\t\t<div id=\"elementor-tab-title-1963\" class=\"elementor-tab-title elementor-tab-desktop-title\" aria-selected=\"false\" data-tab=\"3\" role=\"tab\" tabindex=\"-1\" aria-controls=\"elementor-tab-content-1963\" aria-expanded=\"false\">mgr Magdalena Wawrzy\u0144ska<br>biologia<br><br><img src=\/wp-content\/uploads\/2023\/09\/magdalena_wawrzynska.jpg><\/div>\n\t\t\t\t\t\t\t<\/div>\n\t\t\t<div class=\"elementor-tabs-content-wrapper\" role=\"tablist\" aria-orientation=\"vertical\">\n\t\t\t\t\t\t\t\t\t<div class=\"elementor-tab-title elementor-tab-mobile-title\" aria-selected=\"true\" data-tab=\"1\" role=\"tab\" tabindex=\"0\" aria-controls=\"elementor-tab-content-1961\" aria-expanded=\"false\">mgr Violetta Rasi\u0144ska<br>historia, WOS<br><br><img src=\/wp-content\/uploads\/2021\/03\/violetta_rasinska.jpg><\/div>\n\t\t\t\t\t<div id=\"elementor-tab-content-1961\" class=\"elementor-tab-content elementor-clearfix\" data-tab=\"1\" role=\"tabpanel\" aria-labelledby=\"elementor-tab-title-1961\" tabindex=\"0\" hidden=\"false\"><p><b>Violetta Rasi\u0144ska. <\/b>Jestem <span style=\"font-weight: 400;\">absolwentk\u0105 Uniwersytetu Adama Mickiewicza, nauczycielk\u0105 historii i wiedzy o spo\u0142ecze\u0144stwie, mediatorem. Lubi\u0119 pracowa\u0107 z m\u0142odzie\u017c\u0105 , bo jest naturalna, szczera, nieprzewidywalna, robi\u0119 to ju\u017c ponad 30 lat. Lubi\u0119 te\u017c poznawa\u0107 nowe miejsca, ale tak\u017ce wraca\u0107 tam, gdzie ju\u017c by\u0142am, bo przecie\u017c wszystko si\u0119 zmienia<\/span><span style=\"font-weight: 400;\">.<\/span><\/p><\/div>\n\t\t\t\t\t\t\t\t\t<div class=\"elementor-tab-title elementor-tab-mobile-title\" aria-selected=\"false\" data-tab=\"2\" role=\"tab\" tabindex=\"-1\" aria-controls=\"elementor-tab-content-1962\" aria-expanded=\"false\">mgr Klaudia Stachowiak<br>chemia<br><br><img src=\/wp-content\/uploads\/2021\/10\/klaudia_chemia.jpg><\/div>\n\t\t\t\t\t<div id=\"elementor-tab-content-1962\" class=\"elementor-tab-content elementor-clearfix\" data-tab=\"2\" role=\"tabpanel\" aria-labelledby=\"elementor-tab-title-1962\" tabindex=\"0\" hidden=\"hidden\"><p>Nazywam si\u0119 <strong>Klaudia Stachowiak<\/strong>, jestem nauczycielk\u0105 chemii. Uko\u0144czy\u0142am studia magisterskie na Uniwersytecie im. Adama Mickiewicza w Poznaniu. Rozpocz\u0119\u0142am studia doktoranckie w\u00a0Szkole Doktorskiej Nauk \u015acis\u0142ych. Od zawsze interesowa\u0142 mnie \u015bwiat atomu i\u00a0przeprowadzanie do\u015bwiadcze\u0144 chemicznych. Na moich lekcjach postaram si\u0119 przybli\u017cy\u0107 Wam t\u0119 tematyk\u0119 i pokaza\u0107, \u017ce chemia nie jest wcale taka \u201estraszna\u201d. Uwielbiam g\u00f3rskie w\u0119dr\u00f3wki, a wolne chwile sp\u0119dzam na czytaniu ksi\u0105\u017cek.<\/p><\/div>\n\t\t\t\t\t\t\t\t\t<div class=\"elementor-tab-title elementor-tab-mobile-title\" aria-selected=\"false\" data-tab=\"3\" role=\"tab\" tabindex=\"-1\" aria-controls=\"elementor-tab-content-1963\" aria-expanded=\"false\">mgr Magdalena Wawrzy\u0144ska<br>biologia<br><br><img src=\/wp-content\/uploads\/2023\/09\/magdalena_wawrzynska.jpg><\/div>\n\t\t\t\t\t<div id=\"elementor-tab-content-1963\" class=\"elementor-tab-content elementor-clearfix\" data-tab=\"3\" role=\"tabpanel\" aria-labelledby=\"elementor-tab-title-1963\" tabindex=\"0\" hidden=\"hidden\"><p><strong>Magdalena Wawrzy\u0144ska<\/strong>. M\u00f3j wyb\u00f3r w przesz\u0142o\u015bci \u2013 chc\u0119 by\u0107 nauczycielem biologii \u2013 z perspektywy czasu uwa\u017cam go za 100% trafiony. Biologia to dla mnie fascynuj\u0105ca i pe\u0142na szczeg\u00f3\u0142\u00f3w opowie\u015b\u0107 o wielkim \u015bwiecie. Moi uczniowie to cudowni ludzie, kt\u00f3rzy razem ze mn\u0105 odkrywaj\u0105 tajemnice biologii i ci\u0105gle mnie inspiruj\u0105, s\u0105 motywatorem do dalszego dzia\u0142ania i poznawania tajemnic przyrody<\/p><\/div>\n\t\t\t\t\t\t\t<\/div>\n\t\t<\/div>\n\t\t\t\t<\/div>\n\t\t\t\t<\/div>\n\t\t\t\t\t<\/div>\n\t\t<\/div>\n\t\t\t\t\t\t\t<\/div>\n\t\t<\/section>\n\t\t\t\t<section class=\"elementor-section elementor-top-section elementor-element elementor-element-49abe96 elementor-section-boxed elementor-section-height-default elementor-section-height-default\" data-id=\"49abe96\" data-element_type=\"section\">\n\t\t\t\t\t\t<div class=\"elementor-container elementor-column-gap-default\">\n\t\t\t\t\t<div class=\"elementor-column elementor-col-100 elementor-top-column elementor-element elementor-element-bc3f952\" data-id=\"bc3f952\" data-element_type=\"column\">\n\t\t\t<div class=\"elementor-widget-wrap elementor-element-populated\">\n\t\t\t\t\t\t\t\t<div class=\"elementor-element elementor-element-280cf5b elementor-tabs-view-horizontal elementor-widget elementor-widget-tabs\" data-id=\"280cf5b\" data-element_type=\"widget\" data-widget_type=\"tabs.default\">\n\t\t\t\t<div class=\"elementor-widget-container\">\n\t\t\t\t\t<div class=\"elementor-tabs\">\n\t\t\t<div class=\"elementor-tabs-wrapper\" role=\"tablist\" >\n\t\t\t\t\t\t\t\t\t<div id=\"elementor-tab-title-4191\" class=\"elementor-tab-title elementor-tab-desktop-title\" aria-selected=\"true\" data-tab=\"1\" role=\"tab\" tabindex=\"0\" aria-controls=\"elementor-tab-content-4191\" aria-expanded=\"false\">mgr Joanna Le\u015bk\u00f3w<br>geografia, biologia<br><br><img src=\/wp-content\/uploads\/2023\/11\/joannaleskow.jpg><\/div>\n\t\t\t\t\t\t\t\t\t<div id=\"elementor-tab-title-4192\" class=\"elementor-tab-title elementor-tab-desktop-title\" aria-selected=\"false\" data-tab=\"2\" role=\"tab\" tabindex=\"-1\" aria-controls=\"elementor-tab-content-4192\" aria-expanded=\"false\">mgr Pawe\u0142 Kuligowski<br>matematyka<br><br><img src=wp-content\/uploads\/2021\/03\/Kuligowski-Pawel.jpg><\/div>\n\t\t\t\t\t\t\t\t\t<div id=\"elementor-tab-title-4193\" class=\"elementor-tab-title elementor-tab-desktop-title\" aria-selected=\"false\" data-tab=\"3\" role=\"tab\" tabindex=\"-1\" aria-controls=\"elementor-tab-content-4193\" aria-expanded=\"false\">mgr Jaros\u0142aw Michalak<br>geografia<br><br><img src=\/wp-content\/uploads\/2021\/03\/kadra_jaroslaw_michalak-1.jpg><\/div>\n\t\t\t\t\t\t\t<\/div>\n\t\t\t<div class=\"elementor-tabs-content-wrapper\" role=\"tablist\" aria-orientation=\"vertical\">\n\t\t\t\t\t\t\t\t\t<div class=\"elementor-tab-title elementor-tab-mobile-title\" aria-selected=\"true\" data-tab=\"1\" role=\"tab\" tabindex=\"0\" aria-controls=\"elementor-tab-content-4191\" aria-expanded=\"false\">mgr Joanna Le\u015bk\u00f3w<br>geografia, biologia<br><br><img src=\/wp-content\/uploads\/2023\/11\/joannaleskow.jpg><\/div>\n\t\t\t\t\t<div id=\"elementor-tab-content-4191\" class=\"elementor-tab-content elementor-clearfix\" data-tab=\"1\" role=\"tabpanel\" aria-labelledby=\"elementor-tab-title-4191\" tabindex=\"0\" hidden=\"false\"><p><strong>Joanna Le\u015bk\u00f3w.<\/strong><\/p><p>Ucz\u0119 geografii na poziomie podstawowym i rozszerzonym. Jestem nauczycielk\u0105 z ponad 20- letnim sta\u017cem pedagogicznym. Pasjonuje mnie geografia, podr\u00f3\u017ce i zjawiska spo\u0142eczne. Obecnie studiuj\u0119 Koreanistyk\u0119 na WSJO poniewa\u017c Azja a szczeg\u00f3lnie Korea jest moj\u0105 ulubion\u0105 destynacj\u0105. W wolnych chwilach zwiedzam miejsca dalekie i bliskie, gram na gitarze, czytam ksi\u0105\u017cki o r\u00f3\u017cnej tematyce oraz spotykam si\u0119 z przyjaci\u00f3\u0142mi. Na moich lekcjach pr\u00f3buj\u0119 pokaza\u0107 uczniom \u017ce geografia jest niesamowita i mo\u017cna dzi\u0119ki niej pozna\u0107 i zrozumie\u0107 \u015bwiat wok\u00f3\u0142 nas.<\/p><\/div>\n\t\t\t\t\t\t\t\t\t<div class=\"elementor-tab-title elementor-tab-mobile-title\" aria-selected=\"false\" data-tab=\"2\" role=\"tab\" tabindex=\"-1\" aria-controls=\"elementor-tab-content-4192\" aria-expanded=\"false\">mgr Pawe\u0142 Kuligowski<br>matematyka<br><br><img src=wp-content\/uploads\/2021\/03\/Kuligowski-Pawel.jpg><\/div>\n\t\t\t\t\t<div id=\"elementor-tab-content-4192\" class=\"elementor-tab-content elementor-clearfix\" data-tab=\"2\" role=\"tabpanel\" aria-labelledby=\"elementor-tab-title-4192\" tabindex=\"0\" hidden=\"hidden\"><p><b>Pawe\u0142 Kuligowski. <\/b><span style=\"font-weight: 400;\">Od zawsze lubi\u0142em matematyk\u0119 i logiczne zagadki. Lubi\u0119 naucza\u0107 i <\/span><span style=\"font-weight: 400;\">sprawia\u0107, by uczniowie \u201eczuli\u201d i rozumieli matematyk\u0119, a nie tylko wkuwali na pami\u0119\u0107. Fascynuj\u0105 mnie gry bitewne, kt\u00f3re opieraj\u0105 si\u0119 na logice (nie s\u0105 to gry komputerowe). Dzi\u0119ki temu je\u017cd\u017c\u0119 na zawody na ca\u0142ym \u015bwiecie. Do gier tych u\u017cywa si\u0119 w\u0142asnor\u0119cznie malowanych modeli, wi\u0119c zimowymi wieczorami przysiadam przy farbkach i p\u0119dzlu. Latem natomiast uwielbiam spontaniczne wypady, na kt\u00f3rych mo\u017cna \u2013 czy to w g\u00f3rach, czy nad morzem, przy ognisku pogra\u0107 na gitarze, po\u015bpiewa\u0107, potworzy\u0107 kabarety i posp\u0119dza\u0107 czas w weso\u0142ej atmosferze.<\/span><\/p><\/div>\n\t\t\t\t\t\t\t\t\t<div class=\"elementor-tab-title elementor-tab-mobile-title\" aria-selected=\"false\" data-tab=\"3\" role=\"tab\" tabindex=\"-1\" aria-controls=\"elementor-tab-content-4193\" aria-expanded=\"false\">mgr Jaros\u0142aw Michalak<br>geografia<br><br><img src=\/wp-content\/uploads\/2021\/03\/kadra_jaroslaw_michalak-1.jpg><\/div>\n\t\t\t\t\t<div id=\"elementor-tab-content-4193\" class=\"elementor-tab-content elementor-clearfix\" data-tab=\"3\" role=\"tabpanel\" aria-labelledby=\"elementor-tab-title-4193\" tabindex=\"0\" hidden=\"hidden\"><p>\u00a0<strong>Jaros\u0142aw Michalak.<\/strong> Absolwent studi\u00f3w geografii na Uniwersytecie im. Adama Mickiewicza w Poznaniu oraz podyplomowych i innych w zakresie bankowo\u015bci, finans\u00f3w, zarz\u0105dzania i technologii IT.<\/p><p>Od wielu lat w zawodzie nauczyciela, przede wszystkim w liceum og\u00f3lnokszta\u0142c\u0105cym. W przesz\u0142o\u015bci \u0142\u0105czy\u0142 t\u0119 prac\u0119 r\u00f3wnie\u017c z aktywno\u015bci\u0105 zawodow\u0105 w biznesie.<\/p><p>Jak m\u00f3wi: &#8220;Kreowanie nowych relacji interpersonalnych, przekazywanie wiedzy i zdobytych do\u015bwiadcze\u0144, kszta\u0142towanie nowego spojrzenia na wiele problem\u00f3w oraz poszerzanie horyzont\u00f3w, tak\u017ce tych geograficznych, to korzy\u015b\u0107 p\u0142yn\u0105ca z mo\u017cliwo\u015bci nauczania przedmiotu, daj\u0105ca du\u017co energii, zadowolenia i satysfakcji.&#8221;<\/p><p>Jego zainteresowania i pasje to sport, podr\u00f3\u017ce i turystyka z dodatkiem du\u017cej porcji dobrej muzyki.<\/p><\/div>\n\t\t\t\t\t\t\t<\/div>\n\t\t<\/div>\n\t\t\t\t<\/div>\n\t\t\t\t<\/div>\n\t\t\t\t\t<\/div>\n\t\t<\/div>\n\t\t\t\t\t\t\t<\/div>\n\t\t<\/section>\n\t\t\t\t<section class=\"elementor-section elementor-top-section elementor-element elementor-element-57b5d16 elementor-section-boxed elementor-section-height-default elementor-section-height-default\" data-id=\"57b5d16\" data-element_type=\"section\">\n\t\t\t\t\t\t<div class=\"elementor-container elementor-column-gap-default\">\n\t\t\t\t\t<div class=\"elementor-column elementor-col-100 elementor-top-column elementor-element elementor-element-9670dee\" data-id=\"9670dee\" data-element_type=\"column\">\n\t\t\t<div class=\"elementor-widget-wrap elementor-element-populated\">\n\t\t\t\t\t\t\t\t<div class=\"elementor-element elementor-element-9f1248b elementor-tabs-view-horizontal elementor-widget elementor-widget-tabs\" data-id=\"9f1248b\" data-element_type=\"widget\" data-widget_type=\"tabs.default\">\n\t\t\t\t<div class=\"elementor-widget-container\">\n\t\t\t\t\t<div class=\"elementor-tabs\">\n\t\t\t<div class=\"elementor-tabs-wrapper\" role=\"tablist\" >\n\t\t\t\t\t\t\t\t\t<div id=\"elementor-tab-title-1661\" class=\"elementor-tab-title elementor-tab-desktop-title\" aria-selected=\"true\" data-tab=\"1\" role=\"tab\" tabindex=\"0\" aria-controls=\"elementor-tab-content-1661\" aria-expanded=\"false\">mgr Zuzanna Nowacka<br>j\u0119zyk chi\u0144ski, j\u0119zyk angielski<br><br><img src=\/wp-content\/uploads\/2023\/11\/zuzanna_nowacka.jpg><\/div>\n\t\t\t\t\t\t\t\t\t<div id=\"elementor-tab-title-1662\" class=\"elementor-tab-title elementor-tab-desktop-title\" aria-selected=\"false\" data-tab=\"2\" role=\"tab\" tabindex=\"-1\" aria-controls=\"elementor-tab-content-1662\" aria-expanded=\"false\">mgr Marta Zi\u00f3\u0142kowska<br>j\u0119zyk korea\u0144ski<br><br><img src=\/wp-content\/uploads\/2021\/03\/marta_ziolkowska.jpg><\/div>\n\t\t\t\t\t\t\t\t\t<div id=\"elementor-tab-title-1663\" class=\"elementor-tab-title elementor-tab-desktop-title\" aria-selected=\"false\" data-tab=\"3\" role=\"tab\" tabindex=\"-1\" aria-controls=\"elementor-tab-content-1663\" aria-expanded=\"false\">mgr Rafa\u0142 Dzieszkowski<br>j\u0119zyk japo\u0144ski<br><br><img src=\/wp-content\/uploads\/2021\/03\/rafal_dzieszkowski.jpg><\/div>\n\t\t\t\t\t\t\t<\/div>\n\t\t\t<div class=\"elementor-tabs-content-wrapper\" role=\"tablist\" aria-orientation=\"vertical\">\n\t\t\t\t\t\t\t\t\t<div class=\"elementor-tab-title elementor-tab-mobile-title\" aria-selected=\"true\" data-tab=\"1\" role=\"tab\" tabindex=\"0\" aria-controls=\"elementor-tab-content-1661\" aria-expanded=\"false\">mgr Zuzanna Nowacka<br>j\u0119zyk chi\u0144ski, j\u0119zyk angielski<br><br><img src=\/wp-content\/uploads\/2023\/11\/zuzanna_nowacka.jpg><\/div>\n\t\t\t\t\t<div id=\"elementor-tab-content-1661\" class=\"elementor-tab-content elementor-clearfix\" data-tab=\"1\" role=\"tabpanel\" aria-labelledby=\"elementor-tab-title-1661\" tabindex=\"0\" hidden=\"false\"><p><strong>Zuzanna Nowacka. <\/strong>\u00a0Jestem absolwentk\u0105 filologii angielsko-chi\u0144skiej oraz sinologii na Uniwersytecie Adama Mickiewicza w Poznaniu. Nauczam tak\u017ce j\u0119zyka angielskiego. J\u0119zyki obce zawsze by\u0142y moj\u0105 pasj\u0105. Przez lata edukacji zetkn\u0119\u0142am si\u0119 mi\u0119dzy innymi z j\u0119zykiem francuskim, norweskim, czy korea\u0144skim, ale szczeg\u00f3ln\u0105 fascynacj\u0105 darz\u0119 j\u0119zyk mandary\u0144ski, poniewa\u017c tak bardzo r\u00f3\u017cni si\u0119 od j\u0119zyk\u00f3w europejskich, a jego przyswojenie wymaga zastosowania nowych, nieszablonowych technik nauki. Poza j\u0119zykami, pasjonuj\u0119 si\u0119 ta\u0144cem i prowadz\u0119 studio taneczne, w kt\u00f3rym jestem instruktork\u0105.<\/p><\/div>\n\t\t\t\t\t\t\t\t\t<div class=\"elementor-tab-title elementor-tab-mobile-title\" aria-selected=\"false\" data-tab=\"2\" role=\"tab\" tabindex=\"-1\" aria-controls=\"elementor-tab-content-1662\" aria-expanded=\"false\">mgr Marta Zi\u00f3\u0142kowska<br>j\u0119zyk korea\u0144ski<br><br><img src=\/wp-content\/uploads\/2021\/03\/marta_ziolkowska.jpg><\/div>\n\t\t\t\t\t<div id=\"elementor-tab-content-1662\" class=\"elementor-tab-content elementor-clearfix\" data-tab=\"2\" role=\"tabpanel\" aria-labelledby=\"elementor-tab-title-1662\" tabindex=\"0\" hidden=\"hidden\"><p><strong>Marta Zi\u00f3\u0142kowska<\/strong> &#8211; jestem nauczycielem j\u0119zyka korea\u0144skiego. Od zawsze fascynowa\u0142a mnie nauka j\u0119zyk\u00f3w obcych i przy okazji poznawanie r\u00f3\u017cnorodnych kultur i przede wszystkim jedzenia! Korea\u0144ski pojawi\u0142 si\u0119 do\u015b\u0107 niespodziewanie w moim \u017cyciu, ale to by\u0142a mi\u0142o\u015b\u0107 od pierwszego wejrzenia. Kocham uczy\u0107 tego j\u0119zyka, pokazywa\u0107, \u017ce chocia\u017c wygl\u0105da jak krzaczki, to absolutnie krzaczki to\u00a0 nie s\u0105! Jak tylko mog\u0119, to na zaj\u0119ciach przemycam du\u017co informacji o kulturze, historii, czy te\u017c spo\u0142ecze\u0144stwie Kraju Spokojnego Poranka.<br \/>Opr\u00f3cz korea\u0144skiego du\u017c\u0105 cz\u0119\u015bci\u0105 mojego \u017cycia jest taniec i opieka nad dwoma niesfornymi, lecz uroczymi psiakami.<\/p><\/div>\n\t\t\t\t\t\t\t\t\t<div class=\"elementor-tab-title elementor-tab-mobile-title\" aria-selected=\"false\" data-tab=\"3\" role=\"tab\" tabindex=\"-1\" aria-controls=\"elementor-tab-content-1663\" aria-expanded=\"false\">mgr Rafa\u0142 Dzieszkowski<br>j\u0119zyk japo\u0144ski<br><br><img src=\/wp-content\/uploads\/2021\/03\/rafal_dzieszkowski.jpg><\/div>\n\t\t\t\t\t<div id=\"elementor-tab-content-1663\" class=\"elementor-tab-content elementor-clearfix\" data-tab=\"3\" role=\"tabpanel\" aria-labelledby=\"elementor-tab-title-1663\" tabindex=\"0\" hidden=\"hidden\"><p><strong>Rafa\u0142 Dzieszkowski<\/strong> &#8211; \u00a0Jestem absolwentem filologii japo\u0144skiej, kt\u00f3ry z pasj\u0105 i zaanga\u017cowaniem wprowadzi Ci\u0119 w dalekowschodni \u015bwiat j\u0119zyka japo\u0144skiego. Z wielk\u0105 przyjemno\u015bci\u0105 opowiem o kulturze, zwyczajach i nowo\u015bciach z Kraju Kwitn\u0105cej Wi\u015bni. A prywatnie? Jestem wielkim mi\u0142o\u015bnikiem gier bitewnych i modelarstwa. Pasjonuje si\u0119 r\u00f3wnie\u017c grami fabularnymi, lecz moj\u0105 najwi\u0119ksz\u0105 pasj\u0105 jest kultura picia herbaty, kt\u00f3rej oddaje si\u0119 w pe\u0142ni.<\/p><\/div>\n\t\t\t\t\t\t\t<\/div>\n\t\t<\/div>\n\t\t\t\t<\/div>\n\t\t\t\t<\/div>\n\t\t\t\t\t<\/div>\n\t\t<\/div>\n\t\t\t\t\t\t\t<\/div>\n\t\t<\/section>\n\t\t\t\t<section class=\"elementor-section elementor-top-section elementor-element elementor-element-35ca5fd elementor-section-boxed elementor-section-height-default elementor-section-height-default\" data-id=\"35ca5fd\" data-element_type=\"section\">\n\t\t\t\t\t\t<div class=\"elementor-container elementor-column-gap-default\">\n\t\t\t\t\t<div class=\"elementor-column elementor-col-100 elementor-top-column elementor-element elementor-element-09ee85d\" data-id=\"09ee85d\" data-element_type=\"column\">\n\t\t\t<div class=\"elementor-widget-wrap elementor-element-populated\">\n\t\t\t\t\t\t\t\t<div class=\"elementor-element elementor-element-e2b4a5b elementor-tabs-view-horizontal elementor-widget elementor-widget-tabs\" data-id=\"e2b4a5b\" data-element_type=\"widget\" data-widget_type=\"tabs.default\">\n\t\t\t\t<div class=\"elementor-widget-container\">\n\t\t\t\t\t<div class=\"elementor-tabs\">\n\t\t\t<div class=\"elementor-tabs-wrapper\" role=\"tablist\" >\n\t\t\t\t\t\t\t\t\t<div id=\"elementor-tab-title-2371\" class=\"elementor-tab-title elementor-tab-desktop-title\" aria-selected=\"true\" data-tab=\"1\" role=\"tab\" tabindex=\"0\" aria-controls=\"elementor-tab-content-2371\" aria-expanded=\"false\">mgr Adrianna Rybczy\u0144ska<br>matematyka<br><br><img src=\/wp-content\/uploads\/2021\/03\/adrianna_rybczynska.jpg><\/div>\n\t\t\t\t\t\t\t\t\t<div id=\"elementor-tab-title-2372\" class=\"elementor-tab-title elementor-tab-desktop-title\" aria-selected=\"false\" data-tab=\"2\" role=\"tab\" tabindex=\"-1\" aria-controls=\"elementor-tab-content-2372\" aria-expanded=\"false\">mgr Magdalena Rybczy\u0144ska<br>matematyka<br><br><img src=\/wp-content\/uploads\/2021\/03\/magdalena_ryczynska.jpg><\/div>\n\t\t\t\t\t\t\t\t\t<div id=\"elementor-tab-title-2373\" class=\"elementor-tab-title elementor-tab-desktop-title\" aria-selected=\"false\" data-tab=\"3\" role=\"tab\" tabindex=\"-1\" aria-controls=\"elementor-tab-content-2373\" aria-expanded=\"false\">dr Alan Kardyka<br>informatyka, religia<br><br><img src=\/wp-content\/uploads\/2023\/11\/zdj_strona.jpg><\/div>\n\t\t\t\t\t\t\t<\/div>\n\t\t\t<div class=\"elementor-tabs-content-wrapper\" role=\"tablist\" aria-orientation=\"vertical\">\n\t\t\t\t\t\t\t\t\t<div class=\"elementor-tab-title elementor-tab-mobile-title\" aria-selected=\"true\" data-tab=\"1\" role=\"tab\" tabindex=\"0\" aria-controls=\"elementor-tab-content-2371\" aria-expanded=\"false\">mgr Adrianna Rybczy\u0144ska<br>matematyka<br><br><img src=\/wp-content\/uploads\/2021\/03\/adrianna_rybczynska.jpg><\/div>\n\t\t\t\t\t<div id=\"elementor-tab-content-2371\" class=\"elementor-tab-content elementor-clearfix\" data-tab=\"1\" role=\"tabpanel\" aria-labelledby=\"elementor-tab-title-2371\" tabindex=\"0\" hidden=\"false\"><p>Adrianna Rybczy\u0144ska. Jest matematyczk\u0105 z powo\u0142ania, z rodzinnymi tradycjami w zapoznawaniu uczni\u00f3w z Kr\u00f3low\u0105 Nauk. Nauczycielka z du\u017cym do\u015bwiadczeniem, ceni\u0105ca sobie systematyczn\u0105 prac\u0119. Je\u015bli czas jej na to pozwala, wolne chwile sp\u0119dza w podr\u00f3\u017cach.<\/p><\/div>\n\t\t\t\t\t\t\t\t\t<div class=\"elementor-tab-title elementor-tab-mobile-title\" aria-selected=\"false\" data-tab=\"2\" role=\"tab\" tabindex=\"-1\" aria-controls=\"elementor-tab-content-2372\" aria-expanded=\"false\">mgr Magdalena Rybczy\u0144ska<br>matematyka<br><br><img src=\/wp-content\/uploads\/2021\/03\/magdalena_ryczynska.jpg><\/div>\n\t\t\t\t\t<div id=\"elementor-tab-content-2372\" class=\"elementor-tab-content elementor-clearfix\" data-tab=\"2\" role=\"tabpanel\" aria-labelledby=\"elementor-tab-title-2372\" tabindex=\"0\" hidden=\"hidden\"><p>Magdalena\u00a0 Rybczy\u0144ska. Nauczycielka matematyki z ogromnym do\u015bwiadczeniem. Uczniowie wiedz\u0105, \u017ce na lekcjach Pani Profesor pracowa\u0107 nale\u017cy systematycznie. Prywatn\u0105 pasj\u0105 Pani Profesor s\u0105 podr\u00f3\u017ce.<\/p><\/div>\n\t\t\t\t\t\t\t\t\t<div class=\"elementor-tab-title elementor-tab-mobile-title\" aria-selected=\"false\" data-tab=\"3\" role=\"tab\" tabindex=\"-1\" aria-controls=\"elementor-tab-content-2373\" aria-expanded=\"false\">dr Alan Kardyka<br>informatyka, religia<br><br><img src=\/wp-content\/uploads\/2023\/11\/zdj_strona.jpg><\/div>\n\t\t\t\t\t<div id=\"elementor-tab-content-2373\" class=\"elementor-tab-content elementor-clearfix\" data-tab=\"3\" role=\"tabpanel\" aria-labelledby=\"elementor-tab-title-2373\" tabindex=\"0\" hidden=\"hidden\"><p><span style=\"color: #000000;\"><span style=\"font-family: Calibri;\"><span style=\"font-size: medium;\"><b>Alan Kardyka<\/b>. Chc\u0119 otworzy\u0107 wasze drzwi do fascynuj\u0105cego \u015bwiata technologii poprzez praktyczne umiej\u0119tno\u015bci. Na lekcjach informatyki odkryjemy tajniki programowania, sztuki tworzenia grafiki oraz zastosowania multimedi\u00f3w. Zajmiemy si\u0119 te\u017c kodowaniem HTML\/CSS tworz\u0105c strony internetowe. R\u00f3wnocze\u015bnie jako pasjonat kultury i wiedzy o \u015bwiecie, na lekcjach religii poszerzymy horyzonty. Zaprosz\u0119 was do podr\u00f3\u017cy przez r\u00f3\u017cnorodne religie naszego globu, ukazuj\u0105c bogactwa ich tradycji i warto\u015bci. Om\u00f3wimy wyzwania zwi\u0105zane z niebezpiecze\u0144stwem sekt oraz rzuc\u0119 \u015bwiat\u0142o na subtelno\u015bci prawa kanonicznego.<\/span><\/span><\/span><\/p><\/div>\n\t\t\t\t\t\t\t<\/div>\n\t\t<\/div>\n\t\t\t\t<\/div>\n\t\t\t\t<\/div>\n\t\t\t\t\t<\/div>\n\t\t<\/div>\n\t\t\t\t\t\t\t<\/div>\n\t\t<\/section>\n\t\t\t\t<section class=\"elementor-section elementor-top-section elementor-element elementor-element-81a30c8 elementor-section-boxed elementor-section-height-default elementor-section-height-default\" data-id=\"81a30c8\" data-element_type=\"section\">\n\t\t\t\t\t\t<div class=\"elementor-container elementor-column-gap-default\">\n\t\t\t\t\t<div class=\"elementor-column elementor-col-100 elementor-top-column elementor-element elementor-element-331e83c\" data-id=\"331e83c\" data-element_type=\"column\">\n\t\t\t<div class=\"elementor-widget-wrap elementor-element-populated\">\n\t\t\t\t\t\t\t\t<div class=\"elementor-element elementor-element-2bd50b3 elementor-tabs-view-horizontal elementor-widget elementor-widget-tabs\" data-id=\"2bd50b3\" data-element_type=\"widget\" data-widget_type=\"tabs.default\">\n\t\t\t\t<div class=\"elementor-widget-container\">\n\t\t\t\t\t<div class=\"elementor-tabs\">\n\t\t\t<div class=\"elementor-tabs-wrapper\" role=\"tablist\" >\n\t\t\t\t\t\t\t\t\t<div id=\"elementor-tab-title-4591\" class=\"elementor-tab-title elementor-tab-desktop-title\" aria-selected=\"true\" data-tab=\"1\" role=\"tab\" tabindex=\"0\" aria-controls=\"elementor-tab-content-4591\" aria-expanded=\"false\">mgr in\u017c. Klaudia Kalinowska<br>matematyka<br><br><img src=\/wp-content\/uploads\/2024\/08\/kk450323.jpg><\/div>\n\t\t\t\t\t\t\t<\/div>\n\t\t\t<div class=\"elementor-tabs-content-wrapper\" role=\"tablist\" aria-orientation=\"vertical\">\n\t\t\t\t\t\t\t\t\t<div class=\"elementor-tab-title elementor-tab-mobile-title\" aria-selected=\"true\" data-tab=\"1\" role=\"tab\" tabindex=\"0\" aria-controls=\"elementor-tab-content-4591\" aria-expanded=\"false\">mgr in\u017c. Klaudia Kalinowska<br>matematyka<br><br><img src=\/wp-content\/uploads\/2024\/08\/kk450323.jpg><\/div>\n\t\t\t\t\t<div id=\"elementor-tab-content-4591\" class=\"elementor-tab-content elementor-clearfix\" data-tab=\"1\" role=\"tabpanel\" aria-labelledby=\"elementor-tab-title-4591\" tabindex=\"0\" hidden=\"false\"><p>Nazywam si\u0119 Klaudia Kalinowska i jestem nauczycielk\u0105 matematyki. Studia uko\u0144czy\u0142am na Uniwersytecie im. Adama Mickiewicza w Poznaniu. Staram si\u0119 pokaza\u0107 moim uczniom, \u017ce matematyka nie musi by\u0107 trudna, a z odpowiednim podej\u015bciem ka\u017cdy mo\u017ce odkry\u0107 jej fascynuj\u0105cy i logiczny \u015bwiat. Ciesz\u0119 si\u0119, \u017ce mog\u0119 wspiera\u0107 uczni\u00f3w w ich matematycznej podr\u00f3\u017cy i pomaga\u0107 im rozwija\u0107 swoje umiej\u0119tno\u015bci.\u00a0<\/p><\/div>\n\t\t\t\t\t\t\t<\/div>\n\t\t<\/div>\n\t\t\t\t<\/div>\n\t\t\t\t<\/div>\n\t\t\t\t\t<\/div>\n\t\t<\/div>\n\t\t\t\t\t\t\t<\/div>\n\t\t<\/section>\n\t\t\t\t\t\t<\/div>\n\t\t\t\t\t<\/div>\n\t\t","protected":false},"excerpt":{"rendered":"<p>Kliknij na zdj\u0119cie i poznaj lepiej nauczycieli naszej szko\u0142y. dr Micha\u0142 RzepkaDyrektor mgr Adam DziatkiewiczWicedyrektor dr Micha\u0142 RzepkaDyrektor Nazywam si\u0119 Micha\u0142 Rzepka i jestem dyrektorem szko\u0142y. Jestem doktorem nauk humanistycznych &#8230;<\/p>\n","protected":false},"author":2,"featured_media":0,"parent":0,"menu_order":0,"comment_status":"closed","ping_status":"closed","template":"","meta":[],"_links":{"self":[{"href":"https:\/\/linde.edu.pl\/index.php?rest_route=\/wp\/v2\/pages\/1245"}],"collection":[{"href":"https:\/\/linde.edu.pl\/index.php?rest_route=\/wp\/v2\/pages"}],"about":[{"href":"https:\/\/linde.edu.pl\/index.php?rest_route=\/wp\/v2\/types\/page"}],"author":[{"embeddable":true,"href":"https:\/\/linde.edu.pl\/index.php?rest_route=\/wp\/v2\/users\/2"}],"replies":[{"embeddable":true,"href":"https:\/\/linde.edu.pl\/index.php?rest_route=%2Fwp%2Fv2%2Fcomments&post=1245"}],"version-history":[{"count":139,"href":"https:\/\/linde.edu.pl\/index.php?rest_route=\/wp\/v2\/pages\/1245\/revisions"}],"predecessor-version":[{"id":2533,"href":"https:\/\/linde.edu.pl\/index.php?rest_route=\/wp\/v2\/pages\/1245\/revisions\/2533"}],"wp:attachment":[{"href":"https:\/\/linde.edu.pl\/index.php?rest_route=%2Fwp%2Fv2%2Fmedia&parent=1245"}],"curies":[{"name":"wp","href":"https:\/\/api.w.org\/{rel}","templated":true}]}}